{"id":29452,"date":"2020-07-01T00:58:45","date_gmt":"2020-06-30T22:58:45","guid":{"rendered":"https:\/\/fk-platreriepeinture.ch\/?post_type=project&#038;p=29452"},"modified":"2020-07-01T01:01:40","modified_gmt":"2020-06-30T23:01:40","slug":"les-fiches-nord-lot-7-nord","status":"publish","type":"project","link":"https:\/\/fk-platreriepeinture.ch\/?project=les-fiches-nord-lot-7-nord","title":{"rendered":"LES FICHES NORD \u2013 LOT 7 &#8211; NORD"},"content":{"rendered":"<p>[et_pb_section fb_built=\u00a0\u00bb1&Prime; _builder_version=\u00a0\u00bb4.2&Prime;][et_pb_row column_structure=\u00a0\u00bb2_5,3_5&Prime; _builder_version=\u00a0\u00bb4.2&Prime;][et_pb_column type=\u00a0\u00bb2_5&Prime; _builder_version=\u00a0\u00bb4.2&Prime;][et_pb_text _builder_version=\u00a0\u00bb4.2&Prime; text_font=\u00a0\u00bbRoboto|300|||||||\u00a0\u00bb text_font_size=\u00a0\u00bb17px\u00a0\u00bb text_orientation=\u00a0\u00bbjustified\u00a0\u00bb]<\/p>\n<p>Ce projet s\u2019inscrit dans une d\u00e9marche globale men\u00e9e par la Ville de Lausanne avec la cr\u00e9ation d\u2019un nouveau quartier d\u2019environ 600 logements respectant les principes du d\u00e9veloppement durable. Le mandat concerne un ensemble de 4 immeubles de 64 logements ainsi qu\u2019un parking souterrain sur la parcelle de la CPCL.<br \/>Ce projet aborde un des aspects fondamental pour concevoir le logement collectif aujourd\u2019hui: la diversit\u00e9. Diversit\u00e9 de typologies, diversit\u00e9 de logements, diversit\u00e9 de couleurs, diversit\u00e9 d\u2019habitant. L\u2019enjeu est celui de proposer un grand nombre de logements en offrant des typologies g\u00e9n\u00e9reuses, des logements spacieux et lumineux, un choix de mat\u00e9riaux respectant le label eco.<\/p>\n<p>[\/et_pb_text][\/et_pb_column][et_pb_column type=\u00a0\u00bb3_5&Prime; _builder_version=\u00a0\u00bb4.2&Prime;][et_pb_image src=\u00a0\u00bbhttps:\/\/fk-platreriepeinture.ch\/wp-content\/uploads\/2020\/07\/fkp-lausanne-nord-facades-lot-75.png\u00a0\u00bb align=\u00a0\u00bbcenter\u00a0\u00bb _builder_version=\u00a0\u00bb4.2&Prime; animation_style=\u00a0\u00bbfade\u00a0\u00bb box_shadow_style=\u00a0\u00bbpreset1&Prime;][\/et_pb_image][\/et_pb_column][\/et_pb_row][et_pb_row _builder_version=\u00a0\u00bb4.2&Prime; animation_style=\u00a0\u00bbfade\u00a0\u00bb][et_pb_column type=\u00a0\u00bb4_4&Prime; _builder_version=\u00a0\u00bb4.2&Prime;][et_pb_gallery gallery_ids=\u00a0\u00bb29462,29463,29464,29465,29466,29467,29468&Prime; gallery_orderby=\u00a0\u00bbrand\u00a0\u00bb posts_number=\u00a0\u00bb8&Prime; show_title_and_caption=\u00a0\u00bboff\u00a0\u00bb show_pagination=\u00a0\u00bboff\u00a0\u00bb zoom_icon_color=\u00a0\u00bb#edf000&Prime; hover_overlay_color=\u00a0\u00bbrgba(0,0,0,0.72)\u00a0\u00bb _builder_version=\u00a0\u00bb4.2&Prime; box_shadow_style_image=\u00a0\u00bbpreset1&Prime;][\/et_pb_gallery][\/et_pb_column][\/et_pb_row][et_pb_row _builder_version=\u00a0\u00bb4.2&Prime;][et_pb_column type=\u00a0\u00bb4_4&Prime; _builder_version=\u00a0\u00bb4.2&Prime;][et_pb_code _builder_version=\u00a0\u00bb4.2&Prime;]\n<div\n    class='wp-block-pdfp-pdf-poster  alignnone'\n    id='block-2'\n    data-attributes='{&quot;uniqueId&quot;:&quot;pdfp1&quot;,&quot;file&quot;:&quot;https:\\\/\\\/fk-platreriepeinture.ch\\\/wp-content\\\/uploads\\\/2020\\\/06\\\/LES-FICHES-NORD-\\u2013-LOT-7-NORD.pdf&quot;,&quot;title&quot;:&quot;LES FICHES NORD \\u2013 LOT 7 &#8211; NORD&quot;,&quot;height&quot;:&quot;750px&quot;,&quot;width&quot;:&quot;100%&quot;,&quot;print&quot;:false,&quot;fullscreenButton&quot;:true,&quot;fullscreenButtonText&quot;:&quot;View Fullscreen&quot;,&quot;newWindow&quot;:false,&quot;showName&quot;:true,&quot;downloadButton&quot;:false,&quot;downloadButtonText&quot;:&quot;Download File&quot;,&quot;protect&quot;:false,&quot;onlyPDF&quot;:false,&quot;defaultBrowser&quot;:false,&quot;thumbMenu&quot;:false,&quot;initialPage&quot;:0,&quot;sidebarOpen&quot;:false,&quot;lastVersion&quot;:false,&quot;hrScroll&quot;:false,&quot;alert&quot;:true,&quot;btnStyles&quot;:{&quot;background&quot;:&quot;#1e73be&quot;,&quot;color&quot;:&quot;#fff&quot;,&quot;fontSize&quot;:&quot;rem&quot;,&quot;padding&quot;:{&quot;top&quot;:10,&quot;right&quot;:20,&quot;bottom&quot;:10,&quot;left&quot;:10}},&quot;popupOptions&quot;:{&quot;enabled&quot;:false,&quot;text&quot;:&quot;Open PDF&quot;,&quot;btnStyle&quot;:{&quot;background&quot;:&quot;#1e73be&quot;,&quot;color&quot;:&quot;#fff&quot;,&quot;fontSize&quot;:&quot;rem&quot;,&quot;padding&quot;:{&quot;top&quot;:10,&quot;right&quot;:20,&quot;bottom&quot;:10,&quot;left&quot;:10}}},&quot;align&quot;:&quot;none&quot;,&quot;alignment&quot;:&quot;left&quot;,&quot;titleFontSize&quot;:&quot;16px&quot;,&quot;isHideRightToolbar&quot;:false,&quot;additional&quot;:{&quot;ID&quot;:&quot;&quot;,&quot;Class&quot;:&quot;&quot;,&quot;CSS&quot;:&quot;&quot;},&quot;adobeEmbedder&quot;:false,&quot;adobeOptions&quot;:{&quot;showDownloadPDF&quot;:true,&quot;showPrintPDF&quot;:true,&quot;showAnnotationTools&quot;:true,&quot;showFullScreen&quot;:false,&quot;embedMode&quot;:&quot;SIZED_CONTAINER&quot;},&quot;popupBtnStyle&quot;:{&quot;background&quot;:&quot;#2271b1&quot;,&quot;color&quot;:&quot;#fff&quot;,&quot;padding&quot;:{&quot;top&quot;:10,&quot;right&quot;:20,&quot;bottom&quot;:10,&quot;left&quot;:10}},&quot;popupBtnText&quot;:&quot;Open Document&quot;,&quot;CSS&quot;:&quot;&quot;}'\n    style=\"text-align: left\">\n    \n        <iframe loading=\"lazy\" style=\"border:0;\" width=\"100%\" height=\"800px\" class=\"pdfp_unsupported_frame\" src=\"\/\/docs.google.com\/gview?embedded=true&url=https:\/\/fk-platreriepeinture.ch\/wp-content\/uploads\/2020\/06\/LES-FICHES-NORD-\u2013-LOT-7-NORD.pdf\"><\/iframe>\n\n    <\/div>[\/et_pb_code][\/et_pb_column][\/et_pb_row][\/et_pb_section][et_pb_section fb_built=\u00a0\u00bb1&Prime; admin_label=\u00a0\u00bbCTA Section\u00a0\u00bb _builder_version=\u00a0\u00bb4.2&Prime; background_color=\u00a0\u00bb#f16334&Prime; use_background_color_gradient=\u00a0\u00bbon\u00a0\u00bb background_color_gradient_start=\u00a0\u00bbrgba(0,0,0,0.8)\u00a0\u00bb background_color_gradient_end=\u00a0\u00bbrgba(0,0,0,0.4)\u00a0\u00bb background_color_gradient_overlays_image=\u00a0\u00bbon\u00a0\u00bb background_image=\u00a0\u00bbhttps:\/\/fk-platreriepeinture.ch\/wp-content\/uploads\/2020\/03\/equipment-3071641_1920.jpg\u00a0\u00bb custom_padding=\u00a0\u00bb106px|0px|93px|||\u00a0\u00bb global_module=\u00a0\u00bb29368&Prime;][et_pb_row admin_label=\u00a0\u00bbCTA Area\u00a0\u00bb _builder_version=\u00a0\u00bb4.2&Prime; locked=\u00a0\u00bboff\u00a0\u00bb][et_pb_column type=\u00a0\u00bb4_4&Prime; _builder_version=\u00a0\u00bb4.2&Prime; custom_padding=\u00a0\u00bb|||\u00a0\u00bb custom_padding__hover=\u00a0\u00bb|||\u00a0\u00bb][et_pb_text _builder_version=\u00a0\u00bb4.2&Prime; text_font=\u00a0\u00bbRoboto||||||||\u00a0\u00bb text_font_size=\u00a0\u00bb48px\u00a0\u00bb text_line_height=\u00a0\u00bb1.5em\u00a0\u00bb header_font=\u00a0\u00bbRoboto||||||||\u00a0\u00bb text_orientation=\u00a0\u00bbcenter\u00a0\u00bb background_layout=\u00a0\u00bbdark\u00a0\u00bb module_alignment=\u00a0\u00bbcenter\u00a0\u00bb custom_padding=\u00a0\u00bb||20px|\u00a0\u00bb animation_style=\u00a0\u00bbslide\u00a0\u00bb animation_starting_opacity=\u00a0\u00bb200%\u00a0\u00bb]<\/p>\n<p>Un leader dans le secteur du b\u00e2timent en<br \/> Suisse Romande<\/p>\n<p>[\/et_pb_text][\/et_pb_column][\/et_pb_row][\/et_pb_section][et_pb_section fb_built=\u00a0\u00bb1&Prime; _builder_version=\u00a0\u00bb4.2&Prime;][et_pb_row _builder_version=\u00a0\u00bb4.2&Prime;][et_pb_column type=\u00a0\u00bb4_4&Prime; _builder_version=\u00a0\u00bb4.2&Prime;][et_pb_portfolio fullwidth=\u00a0\u00bboff\u00a0\u00bb include_categories=\u00a0\u00bb14&Prime; show_categories=\u00a0\u00bboff\u00a0\u00bb show_pagination=\u00a0\u00bboff\u00a0\u00bb zoom_icon_color=\u00a0\u00bb#edf000&Prime; hover_overlay_color=\u00a0\u00bbrgba(0,0,0,0.61)\u00a0\u00bb _builder_version=\u00a0\u00bb4.2&Prime;][\/et_pb_portfolio][\/et_pb_column][\/et_pb_row][\/et_pb_section]<\/p>\n","protected":false},"excerpt":{"rendered":"<p>[et_pb_section fb_built=\u00a0\u00bb1&Prime; _builder_version=\u00a0\u00bb4.2&Prime;][et_pb_row column_structure=\u00a0\u00bb2_5,3_5&Prime; _builder_version=\u00a0\u00bb4.2&Prime;][et_pb_column type=\u00a0\u00bb2_5&Prime; _builder_version=\u00a0\u00bb4.2&Prime;][et_pb_text _builder_version=\u00a0\u00bb4.2&Prime; text_font=\u00a0\u00bbRoboto|300|||||||\u00a0\u00bb text_font_size=\u00a0\u00bb17px\u00a0\u00bb text_orientation=\u00a0\u00bbjustified\u00a0\u00bb] Ce projet s\u2019inscrit dans une d\u00e9marche globale men\u00e9e par la Ville de Lausanne avec la cr\u00e9ation d\u2019un nouveau quartier d\u2019environ 600 logements respectant les principes du d\u00e9veloppement durable. Le mandat concerne un ensemble de 4 immeubles de 64 logements ainsi qu\u2019un parking souterrain sur [&hellip;]<\/p>\n","protected":false},"author":1,"featured_media":29466,"comment_status":"open","ping_status":"closed","template":"","meta":{"_et_pb_use_builder":"on","_et_pb_old_content":"","_et_gb_content_width":"","footnotes":""},"project_category":[14],"project_tag":[],"class_list":["post-29452","project","type-project","status-publish","has-post-thumbnail","hentry","project_category-references"],"_links":{"self":[{"href":"https:\/\/fk-platreriepeinture.ch\/index.php?rest_route=\/wp\/v2\/project\/29452","targetHints":{"allow":["GET"]}}],"collection":[{"href":"https:\/\/fk-platreriepeinture.ch\/index.php?rest_route=\/wp\/v2\/project"}],"about":[{"href":"https:\/\/fk-platreriepeinture.ch\/index.php?rest_route=\/wp\/v2\/types\/project"}],"author":[{"embeddable":true,"href":"https:\/\/fk-platreriepeinture.ch\/index.php?rest_route=\/wp\/v2\/users\/1"}],"replies":[{"embeddable":true,"href":"https:\/\/fk-platreriepeinture.ch\/index.php?rest_route=%2Fwp%2Fv2%2Fcomments&post=29452"}],"version-history":[{"count":5,"href":"https:\/\/fk-platreriepeinture.ch\/index.php?rest_route=\/wp\/v2\/project\/29452\/revisions"}],"predecessor-version":[{"id":29474,"href":"https:\/\/fk-platreriepeinture.ch\/index.php?rest_route=\/wp\/v2\/project\/29452\/revisions\/29474"}],"wp:featuredmedia":[{"embeddable":true,"href":"https:\/\/fk-platreriepeinture.ch\/index.php?rest_route=\/wp\/v2\/media\/29466"}],"wp:attachment":[{"href":"https:\/\/fk-platreriepeinture.ch\/index.php?rest_route=%2Fwp%2Fv2%2Fmedia&parent=29452"}],"wp:term":[{"taxonomy":"project_category","embeddable":true,"href":"https:\/\/fk-platreriepeinture.ch\/index.php?rest_route=%2Fwp%2Fv2%2Fproject_category&post=29452"},{"taxonomy":"project_tag","embeddable":true,"href":"https:\/\/fk-platreriepeinture.ch\/index.php?rest_route=%2Fwp%2Fv2%2Fproject_tag&post=29452"}],"curies":[{"name":"wp","href":"https:\/\/api.w.org\/{rel}","templated":true}]}}